{"id":260,"date":"2018-12-17T18:24:11","date_gmt":"2018-12-17T17:24:11","guid":{"rendered":"https:\/\/leibundseele-weinstadt.de\/?page_id=260"},"modified":"2020-04-23T11:39:21","modified_gmt":"2020-04-23T09:39:21","slug":"datenschutz","status":"publish","type":"page","link":"https:\/\/leibundseele-weinstadt.de\/index.php\/datenschutz\/","title":{"rendered":"Datenschutz"},"content":{"rendered":"\n<p><strong>Datenschutzerkl\u00e4rung<\/strong><\/p>\n\n\n\n<p>Wir freuen uns sehr \u00fcber Ihr Interesse an unserem Unternehmen. \nDatenschutz hat einen besonders hohen Stellenwert f\u00fcr die \nGesch\u00e4ftsleitung der Jochen Lindenmeier (Ern\u00e4hrungsberatung). Eine \nNutzung der Internetseiten der Jochen Lindenmeier (Ern\u00e4hrungsberatung) \nist grunds\u00e4tzlich ohne jede Angabe personenbezogener Daten m\u00f6glich. \nSofern eine betroffene Person besondere Services unseres Unternehmens \n\u00fcber unsere Internetseite in Anspruch nehmen m\u00f6chte, k\u00f6nnte jedoch eine \nVerarbeitung personenbezogener Daten erforderlich werden. Ist die \nVerarbeitung personenbezogener Daten erforderlich und besteht f\u00fcr eine \nsolche Verarbeitung keine gesetzliche Grundlage, holen wir generell eine\n Einwilligung der betroffenen Person ein.<\/p>\n\n\n\n<p>Die Verarbeitung personenbezogener Daten, beispielsweise des Namens, \nder Anschrift, E-Mail-Adresse oder Telefonnummer einer betroffenen \nPerson, erfolgt stets im Einklang mit der Datenschutz-Grundverordnung \nund in \u00dcbereinstimmung mit den f\u00fcr die Jochen Lindenmeier \n(Ern\u00e4hrungsberatung) geltenden landesspezifischen \nDatenschutzbestimmungen. Mittels dieser Datenschutzerkl\u00e4rung m\u00f6chte \nunser Unternehmen die \u00d6ffentlichkeit \u00fcber Art, Umfang und Zweck der von \nuns erhobenen, genutzten und verarbeiteten personenbezogenen Daten \ninformieren. Ferner werden betroffene Personen mittels dieser \nDatenschutzerkl\u00e4rung \u00fcber die ihnen zustehenden Rechte aufgekl\u00e4rt.<\/p>\n\n\n\n<p>Die Jochen Lindenmeier (Ern\u00e4hrungsberatung) hat als f\u00fcr die \nVerarbeitung Verantwortlicher zahlreiche technische und organisatorische\n Ma\u00dfnahmen umgesetzt, um einen m\u00f6glichst l\u00fcckenlosen Schutz der \u00fcber \ndiese Internetseite verarbeiteten personenbezogenen Daten \nsicherzustellen. Dennoch k\u00f6nnen Internetbasierte Daten\u00fcbertragungen \ngrunds\u00e4tzlich Sicherheitsl\u00fccken aufweisen, sodass ein absoluter Schutz \nnicht gew\u00e4hrleistet werden kann. Aus diesem Grund steht es jeder \nbetroffenen Person frei, personenbezogene Daten auch auf alternativen \nWegen, beispielsweise telefonisch, an uns zu \u00fcbermitteln.<\/p>\n\n\n\n<ol class=\"wp-block-list\"><li><strong> Begriffsbestimmungen<\/strong><\/li><\/ol>\n\n\n\n<p>Die Datenschutzerkl\u00e4rung der Jochen Lindenmeier (Ern\u00e4hrungsberatung) \nberuht auf den Begrifflichkeiten, die durch den Europ\u00e4ischen \nRichtlinien- und Verordnungsgeber beim Erlass der \nDatenschutz-Grundverordnung (DS-GVO) verwendet wurden. Unsere \nDatenschutzerkl\u00e4rung soll sowohl f\u00fcr die \u00d6ffentlichkeit als auch f\u00fcr \nunsere Kunden und Gesch\u00e4ftspartner einfach lesbar und verst\u00e4ndlich sein.\n Um dies zu gew\u00e4hrleisten, m\u00f6chten wir vorab die verwendeten \nBegrifflichkeiten erl\u00e4utern.<\/p>\n\n\n\n<p>Wir verwenden in dieser Datenschutzerkl\u00e4rung unter anderem die folgenden Begriffe:<\/p>\n\n\n\n<ul class=\"wp-block-list\"><li><strong>a)&nbsp;&nbsp;&nbsp; personenbezogene Daten<\/strong><\/li><\/ul>\n\n\n\n<p>Personenbezogene Daten sind alle Informationen, die sich auf eine \nidentifizierte oder identifizierbare nat\u00fcrliche Person (im Folgenden \n\u201ebetroffene Person\u201c) beziehen. Als identifizierbar wird eine nat\u00fcrliche \nPerson angesehen, die direkt oder indirekt, insbesondere mittels \nZuordnung zu einer Kennung wie einem Namen, zu einer Kennnummer, zu \nStandortdaten, zu einer Online-Kennung oder zu einem oder mehreren \nbesonderen Merkmalen, die Ausdruck der physischen, physiologischen, \ngenetischen, psychischen, wirtschaftlichen, kulturellen oder sozialen \nIdentit\u00e4t dieser nat\u00fcrlichen Person sind, identifiziert werden kann.<\/p>\n\n\n\n<ul class=\"wp-block-list\"><li><strong>b)&nbsp;&nbsp;&nbsp; betroffene Person<\/strong><\/li><\/ul>\n\n\n\n<p>Betroffene Person ist jede identifizierte oder identifizierbare \nnat\u00fcrliche Person, deren personenbezogene Daten von dem f\u00fcr die \nVerarbeitung Verantwortlichen verarbeitet werden.<\/p>\n\n\n\n<ul class=\"wp-block-list\"><li><strong>c)&nbsp;&nbsp;&nbsp; Verarbeitung<\/strong><\/li><\/ul>\n\n\n\n<p>Verarbeitung ist jeder mit oder ohne Hilfe automatisierter Verfahren \nausgef\u00fchrte Vorgang oder jede solche Vorgangsreihe im Zusammenhang mit \npersonenbezogenen Daten wie das Erheben, das Erfassen, die Organisation,\n das Ordnen, die Speicherung, die Anpassung oder Ver\u00e4nderung, das \nAuslesen, das Abfragen, die Verwendung, die Offenlegung durch \n\u00dcbermittlung, Verbreitung oder eine andere Form der Bereitstellung, den \nAbgleich oder die Verkn\u00fcpfung, die Einschr\u00e4nkung, das L\u00f6schen oder die \nVernichtung.<\/p>\n\n\n\n<ul class=\"wp-block-list\"><li><strong>d)&nbsp;&nbsp;&nbsp; Einschr\u00e4nkung der Verarbeitung<\/strong><\/li><\/ul>\n\n\n\n<p>Einschr\u00e4nkung der Verarbeitung ist die Markierung gespeicherter \npersonenbezogener Daten mit dem Ziel, ihre k\u00fcnftige Verarbeitung \neinzuschr\u00e4nken.<\/p>\n\n\n\n<ul class=\"wp-block-list\"><li><strong>e)&nbsp;&nbsp;&nbsp; Profiling<\/strong><\/li><\/ul>\n\n\n\n<p>Profiling ist jede Art der automatisierten Verarbeitung \npersonenbezogener Daten, die darin besteht, dass diese personenbezogenen\n Daten verwendet werden, um bestimmte pers\u00f6nliche Aspekte, die sich auf \neine nat\u00fcrliche Person beziehen, zu bewerten, insbesondere, um Aspekte \nbez\u00fcglich Arbeitsleistung, wirtschaftlicher Lage, Gesundheit, \npers\u00f6nlicher Vorlieben, Interessen, Zuverl\u00e4ssigkeit, Verhalten, \nAufenthaltsort oder Ortswechsel dieser nat\u00fcrlichen Person zu analysieren\n oder vorherzusagen.<\/p>\n\n\n\n<ul class=\"wp-block-list\"><li><strong>f)&nbsp;&nbsp;&nbsp;&nbsp; Pseudonymisierung<\/strong><\/li><\/ul>\n\n\n\n<p>Pseudonymisierung ist die Verarbeitung personenbezogener Daten in \neiner Weise, auf welche die personenbezogenen Daten ohne Hinzuziehung \nzus\u00e4tzlicher Informationen nicht mehr einer spezifischen betroffenen \nPerson zugeordnet werden k\u00f6nnen, sofern diese zus\u00e4tzlichen Informationen\n gesondert aufbewahrt werden und technischen und organisatorischen \nMa\u00dfnahmen unterliegen, die gew\u00e4hrleisten, dass die personenbezogenen \nDaten nicht einer identifizierten oder identifizierbaren nat\u00fcrlichen \nPerson zugewiesen werden.<\/p>\n\n\n\n<ul class=\"wp-block-list\"><li><strong>g)&nbsp;&nbsp;&nbsp; Verantwortlicher oder f\u00fcr die Verarbeitung Verantwortlicher<\/strong><\/li><\/ul>\n\n\n\n<p>Verantwortlicher oder f\u00fcr die Verarbeitung Verantwortlicher ist die \nnat\u00fcrliche oder juristische Person, Beh\u00f6rde, Einrichtung oder andere \nStelle, die allein oder gemeinsam mit anderen \u00fcber die Zwecke und Mittel\n der Verarbeitung von personenbezogenen Daten entscheidet. Sind die \nZwecke und Mittel dieser Verarbeitung durch das Unionsrecht oder das \nRecht der Mitgliedstaaten vorgegeben, so kann der Verantwortliche \nbeziehungsweise k\u00f6nnen die bestimmten Kriterien seiner Benennung nach \ndem Unionsrecht oder dem Recht der Mitgliedstaaten vorgesehen werden.<\/p>\n\n\n\n<ul class=\"wp-block-list\"><li><strong>h)&nbsp;&nbsp;&nbsp; Auftragsverarbeiter<\/strong><\/li><\/ul>\n\n\n\n<p>Auftragsverarbeiter ist eine nat\u00fcrliche oder juristische Person, \nBeh\u00f6rde, Einrichtung oder andere Stelle, die personenbezogene Daten im \nAuftrag des Verantwortlichen verarbeitet.<\/p>\n\n\n\n<ul class=\"wp-block-list\"><li><strong>i)&nbsp;&nbsp;&nbsp;&nbsp;&nbsp; Empf\u00e4nger<\/strong><\/li><\/ul>\n\n\n\n<p>Empf\u00e4nger ist eine nat\u00fcrliche oder juristische Person, Beh\u00f6rde, \nEinrichtung oder andere Stelle, der personenbezogene Daten offengelegt \nwerden, unabh\u00e4ngig davon, ob es sich bei ihr um einen Dritten handelt \noder nicht. Beh\u00f6rden, die im Rahmen eines bestimmten \nUntersuchungsauftrags nach dem Unionsrecht oder dem Recht der \nMitgliedstaaten m\u00f6glicherweise personenbezogene Daten erhalten, gelten \njedoch nicht als Empf\u00e4nger.<\/p>\n\n\n\n<ul class=\"wp-block-list\"><li><strong>j)&nbsp;&nbsp;&nbsp;&nbsp;&nbsp; Dritter<\/strong><\/li><\/ul>\n\n\n\n<p>Dritter ist eine nat\u00fcrliche oder juristische Person, Beh\u00f6rde, \nEinrichtung oder andere Stelle au\u00dfer der betroffenen Person, dem \nVerantwortlichen, dem Auftragsverarbeiter und den Personen, die unter \nder unmittelbaren Verantwortung des Verantwortlichen oder des \nAuftragsverarbeiters befugt sind, die personenbezogenen Daten zu \nverarbeiten.<\/p>\n\n\n\n<ul class=\"wp-block-list\"><li><strong>k)&nbsp;&nbsp;&nbsp; Einwilligung<\/strong><\/li><\/ul>\n\n\n\n<p>Einwilligung ist jede von der betroffenen Person freiwillig f\u00fcr den \nbestimmten Fall in informierter Weise und unmissverst\u00e4ndlich abgegebene \nWillensbekundung in Form einer Erkl\u00e4rung oder einer sonstigen \neindeutigen best\u00e4tigenden Handlung, mit der die betroffene Person zu \nverstehen gibt, dass sie mit der Verarbeitung der sie betreffenden \npersonenbezogenen Daten einverstanden ist.<\/p>\n\n\n\n<ol class=\"wp-block-list\"><li><strong> Name und Anschrift des f\u00fcr die Verarbeitung Verantwortlichen<\/strong><\/li><\/ol>\n\n\n\n<p>Verantwortlicher im Sinne der Datenschutz-Grundverordnung, sonstiger \nin den Mitgliedstaaten der Europ\u00e4ischen Union geltenden \nDatenschutzgesetze und anderer Bestimmungen mit datenschutzrechtlichem \nCharakter ist die:<\/p>\n\n\n\n<p>Jochen Lindenmeier (Ern\u00e4hrungsberatung)<\/p>\n\n\n\n<p>Lein\u00e4ckerstr. 44<\/p>\n\n\n\n<p>71384 Weinstadt<\/p>\n\n\n\n<p>Deutschland<\/p>\n\n\n\n<p>Tel.: 07151\/3046029<\/p>\n\n\n\n<p>E-Mail: jochen.lindenmeier@gmx.de<\/p>\n\n\n\n<p>Website: ernaehrung-lindenmeier.de<\/p>\n\n\n\n<ol class=\"wp-block-list\"><li><strong> Erfassung von allgemeinen Daten und Informationen<\/strong><\/li><\/ol>\n\n\n\n<p>Die Internetseite der Jochen Lindenmeier (Ern\u00e4hrungsberatung) erfasst\n mit jedem Aufruf der Internetseite durch eine betroffene Person oder \nein automatisiertes System eine Reihe von allgemeinen Daten und \nInformationen. Diese allgemeinen Daten und Informationen werden in den \nLogfiles des Servers gespeichert. Erfasst werden k\u00f6nnen die (1) \nverwendeten Browsertypen und Versionen, (2) das vom zugreifenden System \nverwendete Betriebssystem, (3) die Internetseite, von welcher ein \nzugreifendes System auf unsere Internetseite gelangt (sogenannte \nReferrer), (4) die Unterwebseiten, welche \u00fcber ein zugreifendes System \nauf unserer Internetseite angesteuert werden, (5) das Datum und die \nUhrzeit eines Zugriffs auf die Internetseite, (6) eine \nInternet-Protokoll-Adresse (IP-Adresse), (7) der \nInternet-Service-Provider des zugreifenden Systems und (8) sonstige \n\u00e4hnliche Daten und Informationen, die der Gefahrenabwehr im Falle von \nAngriffen auf unsere informationstechnologischen Systeme dienen.<\/p>\n\n\n\n<p>Bei der Nutzung dieser allgemeinen Daten und Informationen zieht die \nJochen Lindenmeier (Ern\u00e4hrungsberatung) keine R\u00fcckschl\u00fcsse auf die \nbetroffene Person. Diese Informationen werden vielmehr ben\u00f6tigt, um (1) \ndie Inhalte unserer Internetseite korrekt auszuliefern, (2) die Inhalte \nunserer Internetseite sowie die Werbung f\u00fcr diese zu optimieren, (3) die\n dauerhafte Funktionsf\u00e4higkeit unserer informationstechnologischen \nSysteme und der Technik unserer Internetseite zu gew\u00e4hrleisten sowie (4)\n um Strafverfolgungsbeh\u00f6rden im Falle eines Cyberangriffes die zur \nStrafverfolgung notwendigen Informationen bereitzustellen. Diese anonym \nerhobenen Daten und Informationen werden durch die Jochen Lindenmeier \n(Ern\u00e4hrungsberatung) daher einerseits statistisch und ferner mit dem \nZiel ausgewertet, den Datenschutz und die Datensicherheit in unserem \nUnternehmen zu erh\u00f6hen, um letztlich ein optimales Schutzniveau f\u00fcr die \nvon uns verarbeiteten personenbezogenen Daten sicherzustellen. Die \nanonymen Daten der Server-Logfiles werden getrennt von allen durch eine \nbetroffene Person angegebenen personenbezogenen Daten gespeichert.<\/p>\n\n\n\n<ol class=\"wp-block-list\"><li><strong> Kontaktm\u00f6glichkeit \u00fcber die Internetseite<\/strong><\/li><\/ol>\n\n\n\n<p>Die Internetseite der Jochen Lindenmeier (Ern\u00e4hrungsberatung) enth\u00e4lt\n aufgrund von gesetzlichen Vorschriften Angaben, die eine schnelle \nelektronische Kontaktaufnahme zu unserem Unternehmen sowie eine \nunmittelbare Kommunikation mit uns erm\u00f6glichen, was ebenfalls eine \nallgemeine Adresse der sogenannten elektronischen Post (E-Mail-Adresse) \numfasst. Sofern eine betroffene Person per E-Mail oder \u00fcber ein \nKontaktformular den Kontakt mit dem f\u00fcr die Verarbeitung \nVerantwortlichen aufnimmt, werden die von der betroffenen Person \n\u00fcbermittelten personenbezogenen Daten automatisch gespeichert. Solche \nauf freiwilliger Basis von einer betroffenen Person an den f\u00fcr die \nVerarbeitung Verantwortlichen \u00fcbermittelten personenbezogenen Daten \nwerden f\u00fcr Zwecke der Bearbeitung oder der Kontaktaufnahme zur \nbetroffenen Person gespeichert. Es erfolgt keine Weitergabe dieser \npersonenbezogenen Daten an Dritte.<\/p>\n\n\n\n<ol class=\"wp-block-list\"><li><strong> Routinem\u00e4\u00dfige L\u00f6schung und Sperrung von personenbezogenen Daten<\/strong><\/li><\/ol>\n\n\n\n<p>Der f\u00fcr die Verarbeitung Verantwortliche verarbeitet und speichert \npersonenbezogene Daten der betroffenen Person nur f\u00fcr den Zeitraum, der \nzur Erreichung des Speicherungszwecks erforderlich ist oder sofern dies \ndurch den Europ\u00e4ischen Richtlinien- und Verordnungsgeber oder einen \nanderen Gesetzgeber in Gesetzen oder Vorschriften, welchen der f\u00fcr die \nVerarbeitung Verantwortliche unterliegt, vorgesehen wurde.<\/p>\n\n\n\n<p>Entf\u00e4llt der Speicherungszweck oder l\u00e4uft eine vom Europ\u00e4ischen \nRichtlinien- und Verordnungsgeber oder einem anderen zust\u00e4ndigen \nGesetzgeber vorgeschriebene Speicherfrist ab, werden die \npersonenbezogenen Daten routinem\u00e4\u00dfig und entsprechend den gesetzlichen \nVorschriften gesperrt oder gel\u00f6scht.<\/p>\n\n\n\n<ol class=\"wp-block-list\"><li><strong> Rechte der betroffenen Person<\/strong><\/li><\/ol>\n\n\n\n<ul class=\"wp-block-list\"><li><strong>a)&nbsp;&nbsp;&nbsp; Recht auf Best\u00e4tigung<\/strong><\/li><\/ul>\n\n\n\n<p>Jede betroffene Person hat das vom Europ\u00e4ischen Richtlinien- und \nVerordnungsgeber einger\u00e4umte Recht, von dem f\u00fcr die Verarbeitung \nVerantwortlichen eine Best\u00e4tigung dar\u00fcber zu verlangen, ob sie \nbetreffende personenbezogene Daten verarbeitet werden. M\u00f6chte eine \nbetroffene Person dieses Best\u00e4tigungsrecht in Anspruch nehmen, kann sie \nsich hierzu jederzeit an einen Mitarbeiter des f\u00fcr die Verarbeitung \nVerantwortlichen wenden.<\/p>\n\n\n\n<ul class=\"wp-block-list\"><li><strong>b)&nbsp;&nbsp;&nbsp; Recht auf Auskunft<\/strong><\/li><\/ul>\n\n\n\n<p>Jede von der Verarbeitung personenbezogener Daten betroffene Person \nhat das vom Europ\u00e4ischen Richtlinien- und Verordnungsgeber gew\u00e4hrte \nRecht, jederzeit von dem f\u00fcr die Verarbeitung Verantwortlichen \nunentgeltliche Auskunft \u00fcber die zu seiner Person gespeicherten \npersonenbezogenen Daten und eine Kopie dieser Auskunft zu erhalten. \nFerner hat der Europ\u00e4ische Richtlinien- und Verordnungsgeber der \nbetroffenen Person Auskunft \u00fcber folgende Informationen zugestanden:<\/p>\n\n\n\n<ul class=\"wp-block-list\"><li>die Verarbeitungszwecke<\/li><li>die Kategorien personenbezogener Daten, die verarbeitet werden<\/li><li>die Empf\u00e4nger oder Kategorien von Empf\u00e4ngern, gegen\u00fcber denen die \npersonenbezogenen Daten offengelegt worden sind oder noch offengelegt \nwerden, insbesondere bei Empf\u00e4ngern in Drittl\u00e4ndern oder bei \ninternationalen Organisationen<\/li><li>falls m\u00f6glich die geplante Dauer, f\u00fcr die die personenbezogenen \nDaten gespeichert werden, oder, falls dies nicht m\u00f6glich ist, die \nKriterien f\u00fcr die Festlegung dieser Dauer<\/li><li>das Bestehen eines Rechts auf Berichtigung oder L\u00f6schung der sie \nbetreffenden personenbezogenen Daten oder auf Einschr\u00e4nkung der \nVerarbeitung durch den Verantwortlichen oder eines Widerspruchsrechts \ngegen diese Verarbeitung<\/li><li>das Bestehen eines Beschwerderechts bei einer Aufsichtsbeh\u00f6rde<\/li><li>wenn die personenbezogenen Daten nicht bei der betroffenen Person \nerhoben werden: Alle verf\u00fcgbaren Informationen \u00fcber die Herkunft der \nDaten<\/li><li>das Bestehen einer automatisierten Entscheidungsfindung \neinschlie\u00dflich Profiling gem\u00e4\u00df Artikel 22 Abs.1 und 4 DS-GVO und \u2014 \nzumindest in diesen F\u00e4llen \u2014 aussagekr\u00e4ftige Informationen \u00fcber die \ninvolvierte Logik sowie die Tragweite und die angestrebten Auswirkungen \neiner derartigen Verarbeitung f\u00fcr die betroffene Person<\/li><\/ul>\n\n\n\n<p>Ferner steht der betroffenen Person ein Auskunftsrecht dar\u00fcber zu, ob\n personenbezogene Daten an ein Drittland oder an eine internationale \nOrganisation \u00fcbermittelt wurden. Sofern dies der Fall ist, so steht der \nbetroffenen Person im \u00dcbrigen das Recht zu, Auskunft \u00fcber die geeigneten\n Garantien im Zusammenhang mit der \u00dcbermittlung zu erhalten.<\/p>\n\n\n\n<p>M\u00f6chte eine betroffene Person dieses Auskunftsrecht in Anspruch \nnehmen, kann sie sich hierzu jederzeit an einen Mitarbeiter des f\u00fcr die \nVerarbeitung Verantwortlichen wenden.<\/p>\n\n\n\n<ul class=\"wp-block-list\"><li><strong>c)&nbsp;&nbsp;&nbsp; Recht auf Berichtigung<\/strong><\/li><\/ul>\n\n\n\n<p>Jede von der Verarbeitung personenbezogener Daten betroffene Person \nhat das vom Europ\u00e4ischen Richtlinien- und Verordnungsgeber gew\u00e4hrte \nRecht, die unverz\u00fcgliche Berichtigung sie betreffender unrichtiger \npersonenbezogener Daten zu verlangen. Ferner steht der betroffenen \nPerson das Recht zu, unter Ber\u00fccksichtigung der Zwecke der Verarbeitung,\n die Vervollst\u00e4ndigung unvollst\u00e4ndiger personenbezogener Daten \u2014 auch \nmittels einer erg\u00e4nzenden Erkl\u00e4rung \u2014 zu verlangen.<\/p>\n\n\n\n<p>M\u00f6chte eine betroffene Person dieses Berichtigungsrecht in Anspruch \nnehmen, kann sie sich hierzu jederzeit an einen Mitarbeiter des f\u00fcr die \nVerarbeitung Verantwortlichen wenden.<\/p>\n\n\n\n<ul class=\"wp-block-list\"><li><strong>d)&nbsp;&nbsp;&nbsp; Recht auf L\u00f6schung (Recht auf Vergessen werden)<\/strong><\/li><\/ul>\n\n\n\n<p>Jede von der Verarbeitung personenbezogener Daten betroffene Person \nhat das vom Europ\u00e4ischen Richtlinien- und Verordnungsgeber gew\u00e4hrte \nRecht, von dem Verantwortlichen zu verlangen, dass die sie betreffenden \npersonenbezogenen Daten unverz\u00fcglich gel\u00f6scht werden, sofern einer der \nfolgenden Gr\u00fcnde zutrifft und soweit die Verarbeitung nicht erforderlich\n ist:<\/p>\n\n\n\n<ul class=\"wp-block-list\"><li>Die personenbezogenen Daten wurden f\u00fcr solche Zwecke erhoben oder \nauf sonstige Weise verarbeitet, f\u00fcr welche sie nicht mehr notwendig \nsind.<\/li><li>Die betroffene Person widerruft ihre Einwilligung, auf die sich die \nVerarbeitung gem\u00e4\u00df Art. 6 Abs. 1 Buchstabe a DS-GVO oder Art. 9 Abs. 2 \nBuchstabe a DS-GVO st\u00fctzte, und es fehlt an einer anderweitigen \nRechtsgrundlage f\u00fcr die Verarbeitung.<\/li><li>Die betroffene Person legt gem\u00e4\u00df Art. 21 Abs. 1 DS-GVO Widerspruch \ngegen die Verarbeitung ein, und es liegen keine vorrangigen berechtigten\n Gr\u00fcnde f\u00fcr die Verarbeitung vor, oder die betroffene Person legt gem\u00e4\u00df \nArt. 21 Abs. 2 DS-GVO Widerspruch gegen die Verarbeitung ein.<\/li><li>Die personenbezogenen Daten wurden unrechtm\u00e4\u00dfig verarbeitet.<\/li><li>Die L\u00f6schung der personenbezogenen Daten ist zur Erf\u00fcllung einer \nrechtlichen Verpflichtung nach dem Unionsrecht oder dem Recht der \nMitgliedstaaten erforderlich, dem der Verantwortliche unterliegt.<\/li><li>Die personenbezogenen Daten wurden in Bezug auf angebotene Dienste \nder Informationsgesellschaft gem\u00e4\u00df Art. 8 Abs. 1 DS-GVO erhoben.<\/li><\/ul>\n\n\n\n<p>Sofern einer der oben genannten Gr\u00fcnde zutrifft und eine betroffene \nPerson die L\u00f6schung von personenbezogenen Daten, die bei der Jochen \nLindenmeier (Ern\u00e4hrungsberatung) gespeichert sind, veranlassen m\u00f6chte, \nkann sie sich hierzu jederzeit an einen Mitarbeiter des f\u00fcr die \nVerarbeitung Verantwortlichen wenden. Der Mitarbeiter der Jochen \nLindenmeier (Ern\u00e4hrungsberatung) wird veranlassen, dass dem \nL\u00f6schverlangen unverz\u00fcglich nachgekommen wird.<\/p>\n\n\n\n<p>Wurden die personenbezogenen Daten von der Jochen Lindenmeier \n(Ern\u00e4hrungsberatung) \u00f6ffentlich gemacht und ist unser Unternehmen als \nVerantwortlicher gem\u00e4\u00df Art. 17 Abs. 1 DS-GVO zur L\u00f6schung der \npersonenbezogenen Daten verpflichtet, so trifft die Jochen Lindenmeier \n(Ern\u00e4hrungsberatung) unter Ber\u00fccksichtigung der verf\u00fcgbaren Technologie \nund der Implementierungskosten angemessene Ma\u00dfnahmen, auch technischer \nArt, um andere f\u00fcr die Datenverarbeitung Verantwortliche, welche die \nver\u00f6ffentlichten personenbezogenen Daten verarbeiten, dar\u00fcber in \nKenntnis zu setzen, dass die betroffene Person von diesen anderen f\u00fcr \ndie Datenverarbeitung Verantwortlichen die L\u00f6schung s\u00e4mtlicher Links zu \ndiesen personenbezogenen Daten oder von Kopien oder Replikationen dieser\n personenbezogenen Daten verlangt hat, soweit die Verarbeitung nicht \nerforderlich ist. Der Mitarbeiter der Jochen Lindenmeier \n(Ern\u00e4hrungsberatung) wird im Einzelfall das Notwendige veranlassen.<\/p>\n\n\n\n<ul class=\"wp-block-list\"><li><strong>e)&nbsp;&nbsp;&nbsp; Recht auf Einschr\u00e4nkung der Verarbeitung<\/strong><\/li><\/ul>\n\n\n\n<p>Jede von der Verarbeitung personenbezogener Daten betroffene Person \nhat das vom Europ\u00e4ischen Richtlinien- und Verordnungsgeber gew\u00e4hrte \nRecht, von dem Verantwortlichen die Einschr\u00e4nkung der Verarbeitung zu \nverlangen, wenn eine der folgenden Voraussetzungen gegeben ist:<\/p>\n\n\n\n<ul class=\"wp-block-list\"><li>Die Richtigkeit der personenbezogenen Daten wird von der betroffenen\n Person bestritten, und zwar f\u00fcr eine Dauer, die es dem Verantwortlichen\n erm\u00f6glicht, die Richtigkeit der personenbezogenen Daten zu \u00fcberpr\u00fcfen.<\/li><li>Die Verarbeitung ist unrechtm\u00e4\u00dfig, die betroffene Person lehnt die \nL\u00f6schung der personenbezogenen Daten ab und verlangt stattdessen die \nEinschr\u00e4nkung der Nutzung der personenbezogenen Daten.<\/li><li>Der Verantwortliche ben\u00f6tigt die personenbezogenen Daten f\u00fcr die \nZwecke der Verarbeitung nicht l\u00e4nger, die betroffene Person ben\u00f6tigt sie\n jedoch zur Geltendmachung, Aus\u00fcbung oder Verteidigung von \nRechtsanspr\u00fcchen.<\/li><li>Die betroffene Person hat Widerspruch gegen die Verarbeitung gem. \nArt. 21 Abs. 1 DS-GVO eingelegt und es steht noch nicht fest, ob die \nberechtigten Gr\u00fcnde des Verantwortlichen gegen\u00fcber denen der betroffenen\n Person \u00fcberwiegen.<\/li><\/ul>\n\n\n\n<p>Sofern eine der oben genannten Voraussetzungen gegeben ist und eine \nbetroffene Person die Einschr\u00e4nkung von personenbezogenen Daten, die bei\n der Jochen Lindenmeier (Ern\u00e4hrungsberatung) gespeichert sind, verlangen\n m\u00f6chte, kann sie sich hierzu jederzeit an einen Mitarbeiter des f\u00fcr die\n Verarbeitung Verantwortlichen wenden. Der Mitarbeiter der Jochen \nLindenmeier (Ern\u00e4hrungsberatung) wird die Einschr\u00e4nkung der Verarbeitung\n veranlassen.<\/p>\n\n\n\n<ul class=\"wp-block-list\"><li><strong>f)&nbsp;&nbsp;&nbsp;&nbsp; Recht auf Daten\u00fcbertragbarkeit<\/strong><\/li><\/ul>\n\n\n\n<p>Jede von der Verarbeitung personenbezogener Daten betroffene Person \nhat das vom Europ\u00e4ischen Richtlinien- und Verordnungsgeber gew\u00e4hrte \nRecht, die sie betreffenden personenbezogenen Daten, welche durch die \nbetroffene Person einem Verantwortlichen bereitgestellt wurden, in einem\n strukturierten, g\u00e4ngigen und maschinenlesbaren Format zu erhalten. Sie \nhat au\u00dferdem das Recht, diese Daten einem anderen Verantwortlichen ohne \nBehinderung durch den Verantwortlichen, dem die personenbezogenen Daten \nbereitgestellt wurden, zu \u00fcbermitteln, sofern die Verarbeitung auf der \nEinwilligung gem\u00e4\u00df Art. 6 Abs. 1 Buchstabe a DS-GVO oder Art. 9 Abs. 2 \nBuchstabe a DS-GVO oder auf einem Vertrag gem\u00e4\u00df Art. 6 Abs. 1 Buchstabe b\n DS-GVO beruht und die Verarbeitung mithilfe automatisierter Verfahren \nerfolgt, sofern die Verarbeitung nicht f\u00fcr die Wahrnehmung einer Aufgabe\n erforderlich ist, die im \u00f6ffentlichen Interesse liegt oder in Aus\u00fcbung \n\u00f6ffentlicher Gewalt erfolgt, welche dem Verantwortlichen \u00fcbertragen \nwurde.<\/p>\n\n\n\n<p>Ferner hat die betroffene Person bei der Aus\u00fcbung ihres Rechts auf \nDaten\u00fcbertragbarkeit gem\u00e4\u00df Art. 20 Abs. 1 DS-GVO das Recht, zu erwirken,\n dass die personenbezogenen Daten direkt von einem Verantwortlichen an \neinen anderen Verantwortlichen \u00fcbermittelt werden, soweit dies technisch\n machbar ist und sofern hiervon nicht die Rechte und Freiheiten anderer \nPersonen beeintr\u00e4chtigt werden.<\/p>\n\n\n\n<p>Zur Geltendmachung des Rechts auf Daten\u00fcbertragbarkeit kann sich die \nbetroffene Person jederzeit an einen Mitarbeiter der Jochen Lindenmeier \n(Ern\u00e4hrungsberatung) wenden.<\/p>\n\n\n\n<ul class=\"wp-block-list\"><li><strong>g)&nbsp;&nbsp;&nbsp; Recht auf Widerspruch<\/strong><\/li><\/ul>\n\n\n\n<p>Jede von der Verarbeitung personenbezogener Daten betroffene Person \nhat das vom Europ\u00e4ischen Richtlinien- und Verordnungsgeber gew\u00e4hrte \nRecht, aus Gr\u00fcnden, die sich aus ihrer besonderen Situation ergeben, \njederzeit gegen die Verarbeitung sie betreffender personenbezogener \nDaten, die aufgrund von Art. 6 Abs. 1 Buchstaben e oder f DS-GVO \nerfolgt, Widerspruch einzulegen. Dies gilt auch f\u00fcr ein auf diese \nBestimmungen gest\u00fctztes Profiling.<\/p>\n\n\n\n<p>Die Jochen Lindenmeier (Ern\u00e4hrungsberatung) verarbeitet die \npersonenbezogenen Daten im Falle des Widerspruchs nicht mehr, es sei \ndenn, wir k\u00f6nnen zwingende schutzw\u00fcrdige Gr\u00fcnde f\u00fcr die Verarbeitung \nnachweisen, die den Interessen, Rechten und Freiheiten der betroffenen \nPerson \u00fcberwiegen, oder die Verarbeitung dient der Geltendmachung, \nAus\u00fcbung oder Verteidigung von Rechtsanspr\u00fcchen.<\/p>\n\n\n\n<p>Verarbeitet die Jochen Lindenmeier (Ern\u00e4hrungsberatung) \npersonenbezogene Daten, um Direktwerbung zu betreiben, so hat die \nbetroffene Person das Recht, jederzeit Widerspruch gegen die \nVerarbeitung der personenbezogenen Daten zum Zwecke derartiger Werbung \neinzulegen. Dies gilt auch f\u00fcr das Profiling, soweit es mit solcher \nDirektwerbung in Verbindung steht. Widerspricht die betroffene Person \ngegen\u00fcber der Jochen Lindenmeier (Ern\u00e4hrungsberatung) der Verarbeitung \nf\u00fcr Zwecke der Direktwerbung, so wird die Jochen Lindenmeier \n(Ern\u00e4hrungsberatung) die personenbezogenen Daten nicht mehr f\u00fcr diese \nZwecke verarbeiten.<\/p>\n\n\n\n<p>Zudem hat die betroffene Person das Recht, aus Gr\u00fcnden, die sich aus \nihrer besonderen Situation ergeben, gegen die sie betreffende \nVerarbeitung personenbezogener Daten, die bei der Jochen Lindenmeier \n(Ern\u00e4hrungsberatung) zu wissenschaftlichen oder historischen \nForschungszwecken oder zu statistischen Zwecken gem\u00e4\u00df Art. 89 Abs. 1 \nDS-GVO erfolgen, Widerspruch einzulegen, es sei denn, eine solche \nVerarbeitung ist zur Erf\u00fcllung einer im \u00f6ffentlichen Interesse liegenden\n Aufgabe erforderlich.<\/p>\n\n\n\n<p>Zur Aus\u00fcbung des Rechts auf Widerspruch kann sich die betroffene \nPerson direkt jeden Mitarbeiter der Jochen Lindenmeier \n(Ern\u00e4hrungsberatung) oder einen anderen Mitarbeiter wenden. Der \nbetroffenen Person steht es ferner frei, im Zusammenhang mit der Nutzung\n von Diensten der Informationsgesellschaft, ungeachtet der Richtlinie \n2002\/58\/EG, ihr Widerspruchsrecht mittels automatisierter Verfahren \nauszu\u00fcben, bei denen technische Spezifikationen verwendet werden.<\/p>\n\n\n\n<ul class=\"wp-block-list\"><li><strong>h)&nbsp;&nbsp;&nbsp; Automatisierte Entscheidungen im Einzelfall einschlie\u00dflich Profiling<\/strong><\/li><\/ul>\n\n\n\n<p>Jede von der Verarbeitung personenbezogener Daten betroffene Person \nhat das vom Europ\u00e4ischen Richtlinien- und Verordnungsgeber gew\u00e4hrte \nRecht, nicht einer ausschlie\u00dflich auf einer automatisierten Verarbeitung\n \u2014 einschlie\u00dflich Profiling \u2014 beruhenden Entscheidung unterworfen zu \nwerden, die ihr gegen\u00fcber rechtliche Wirkung entfaltet oder sie in \n\u00e4hnlicher Weise erheblich beeintr\u00e4chtigt, sofern die Entscheidung (1) \nnicht f\u00fcr den Abschluss oder die Erf\u00fcllung eines Vertrags zwischen der \nbetroffenen Person und dem Verantwortlichen erforderlich ist, oder (2) \naufgrund von Rechtsvorschriften der Union oder der Mitgliedstaaten, \ndenen der Verantwortliche unterliegt, zul\u00e4ssig ist und diese \nRechtsvorschriften angemessene Ma\u00dfnahmen zur Wahrung der Rechte und \nFreiheiten sowie der berechtigten Interessen der betroffenen Person \nenthalten oder (3) mit ausdr\u00fccklicher Einwilligung der betroffenen \nPerson erfolgt.<\/p>\n\n\n\n<p>Ist die Entscheidung (1) f\u00fcr den Abschluss oder die Erf\u00fcllung eines \nVertrags zwischen der betroffenen Person und dem Verantwortlichen \nerforderlich oder (2) erfolgt sie mit ausdr\u00fccklicher Einwilligung der \nbetroffenen Person, trifft die Jochen Lindenmeier (Ern\u00e4hrungsberatung) \nangemessene Ma\u00dfnahmen, um die Rechte und Freiheiten sowie die \nberechtigten Interessen der betroffenen Person zu wahren, wozu \nmindestens das Recht auf Erwirkung des Eingreifens einer Person seitens \ndes Verantwortlichen, auf Darlegung des eigenen Standpunkts und auf \nAnfechtung der Entscheidung geh\u00f6rt.<\/p>\n\n\n\n<p>M\u00f6chte die betroffene Person Rechte mit Bezug auf automatisierte \nEntscheidungen geltend machen, kann sie sich hierzu jederzeit an einen \nMitarbeiter des f\u00fcr die Verarbeitung Verantwortlichen wenden.<\/p>\n\n\n\n<ul class=\"wp-block-list\"><li><strong>i)&nbsp;&nbsp;&nbsp;&nbsp;&nbsp; Recht auf Widerruf einer datenschutzrechtlichen Einwilligung<\/strong><\/li><\/ul>\n\n\n\n<p>Jede von der Verarbeitung personenbezogener Daten betroffene Person \nhat das vom Europ\u00e4ischen Richtlinien- und Verordnungsgeber gew\u00e4hrte \nRecht, eine Einwilligung zur Verarbeitung personenbezogener Daten \njederzeit zu widerrufen.<\/p>\n\n\n\n<p>M\u00f6chte die betroffene Person ihr Recht auf Widerruf einer \nEinwilligung geltend machen, kann sie sich hierzu jederzeit an einen \nMitarbeiter des f\u00fcr die Verarbeitung Verantwortlichen wenden.<\/p>\n\n\n\n<ol class=\"wp-block-list\"><li><strong> Datenschutzbestimmungen zu Einsatz und Verwendung von Facebook<\/strong><\/li><\/ol>\n\n\n\n<p>Der f\u00fcr die Verarbeitung Verantwortliche hat auf dieser Internetseite\n Komponenten des Unternehmens Facebook integriert. Facebook ist ein \nsoziales Netzwerk.<\/p>\n\n\n\n<p>Ein soziales Netzwerk ist ein im Internet betriebener sozialer \nTreffpunkt, eine Online-Gemeinschaft, die es den Nutzern in der Regel \nerm\u00f6glicht, untereinander zu kommunizieren und im virtuellen Raum zu \ninteragieren. Ein soziales Netzwerk kann als Plattform zum Austausch von\n Meinungen und Erfahrungen dienen oder erm\u00f6glicht es der \nInternetgemeinschaft, pers\u00f6nliche oder unternehmensbezogene \nInformationen bereitzustellen. Facebook erm\u00f6glicht den Nutzern des \nsozialen Netzwerkes unter anderem die Erstellung von privaten Profilen, \nden Upload von Fotos und eine Vernetzung \u00fcber Freundschaftsanfragen.<\/p>\n\n\n\n<p>Betreibergesellschaft von Facebook ist die Facebook, Inc., 1 Hacker \nWay, Menlo Park, CA 94025, USA. F\u00fcr die Verarbeitung personenbezogener \nDaten Verantwortlicher ist, wenn eine betroffene Person au\u00dferhalb der \nUSA oder Kanada lebt, die Facebook Ireland Ltd., 4 Grand Canal Square, \nGrand Canal Harbour, Dublin 2, Ireland.<\/p>\n\n\n\n<p>Durch jeden Aufruf einer der Einzelseiten dieser Internetseite, die \ndurch den f\u00fcr die Verarbeitung Verantwortlichen betrieben wird und auf \nwelcher eine Facebook-Komponente (Facebook-Plug-In) integriert wurde, \nwird der Internetbrowser auf dem informationstechnologischen System der \nbetroffenen Person automatisch durch die jeweilige Facebook-Komponente \nveranlasst, eine Darstellung der entsprechenden Facebook-Komponente von \nFacebook herunterzuladen. Eine Gesamt\u00fcbersicht \u00fcber alle \nFacebook-Plug-Ins kann unter \nhttps:\/\/developers.facebook.com\/docs\/plugins\/?locale=de_DE abgerufen \nwerden. Im Rahmen dieses technischen Verfahrens erh\u00e4lt Facebook Kenntnis\n dar\u00fcber, welche konkrete Unterseite unserer Internetseite durch die \nbetroffene Person besucht wird.<\/p>\n\n\n\n<p>Sofern die betroffene Person gleichzeitig bei Facebook eingeloggt \nist, erkennt Facebook mit jedem Aufruf unserer Internetseite durch die \nbetroffene Person und w\u00e4hrend der gesamten Dauer des jeweiligen \nAufenthaltes auf unserer Internetseite, welche konkrete Unterseite \nunserer Internetseite die betroffene Person besucht. Diese Informationen\n werden durch die Facebook-Komponente gesammelt und durch Facebook dem \njeweiligen Facebook-Account der betroffenen Person zugeordnet. Bet\u00e4tigt \ndie betroffene Person einen der auf unserer Internetseite integrierten \nFacebook-Buttons, beispielsweise den \u201eGef\u00e4llt mir\u201c-Button, oder gibt die\n betroffene Person einen Kommentar ab, ordnet Facebook diese Information\n dem pers\u00f6nlichen Facebook-Benutzerkonto der betroffenen Person zu und \nspeichert diese personenbezogenen Daten.<\/p>\n\n\n\n<p>Facebook erh\u00e4lt \u00fcber die Facebook-Komponente immer dann eine \nInformation dar\u00fcber, dass die betroffene Person unsere Internetseite \nbesucht hat, wenn die betroffene Person zum Zeitpunkt des Aufrufs \nunserer Internetseite gleichzeitig bei Facebook eingeloggt ist; dies \nfindet unabh\u00e4ngig davon statt, ob die betroffene Person die \nFacebook-Komponente anklickt oder nicht. Ist eine derartige \u00dcbermittlung\n dieser Informationen an Facebook von der betroffenen Person nicht \ngewollt, kann diese die \u00dcbermittlung dadurch verhindern, dass sie sich \nvor einem Aufruf unserer Internetseite aus ihrem Facebook-Account \nausloggt.<\/p>\n\n\n\n<p>Die von Facebook ver\u00f6ffentlichte Datenrichtlinie, die unter \nhttps:\/\/de-de.facebook.com\/about\/privacy\/ abrufbar ist, gibt Aufschluss \n\u00fcber die Erhebung, Verarbeitung und Nutzung personenbezogener Daten \ndurch Facebook. Ferner wird dort erl\u00e4utert, welche \nEinstellungsm\u00f6glichkeiten Facebook zum Schutz der Privatsph\u00e4re der \nbetroffenen Person bietet. Zudem sind unterschiedliche Applikationen \nerh\u00e4ltlich, die es erm\u00f6glichen, eine Daten\u00fcbermittlung an Facebook zu \nunterdr\u00fccken. Solche Applikationen k\u00f6nnen durch die betroffene Person \ngenutzt werden, um eine Daten\u00fcbermittlung an Facebook zu unterdr\u00fccken.<\/p>\n\n\n\n<ol class=\"wp-block-list\"><li><strong> Datenschutzbestimmungen zu Einsatz und Verwendung von AWStats<\/strong><\/li><\/ol>\n\n\n\n<p>In der Serverstatistik werden automatisch solche Daten gespeichert, die Ihr Browser an uns \u00fcbermittelt.<\/p>\n\n\n\n<p>Dies sind:<br>\n\u2013 Browsertyp\/ -version<br>\n\u2013 verwendetes Betriebssystem<br>\n\u2013 Referrer URL (die zuvor besuchte Seite)<br>\n\u2013 Hostname des zugreifenden Rechners (IP Adresse)<br>\n\u2013 Uhrzeit der Serveranfrage<br>\n\u2013 den Suchbegriff mit dem Sie, beispielsweise \u00fcber Google, diese Seite gefunden haben<\/p>\n\n\n\n<p>Diese Daten sind in der Regel nicht bestimmten Personen zurechenbar. \nEine Zusammenf\u00fchrung dieser Daten mit anderen Datenquellen wird nicht \nvorgenommen, die Daten werden zudem nach einer statistischen Auswertung \ngel\u00f6scht.<\/p>\n\n\n\n<ol class=\"wp-block-list\"><li><strong> Rechtsgrundlage der Verarbeitung<\/strong><\/li><\/ol>\n\n\n\n<p>Art. 6 I lit. a DS-GVO dient unserem Unternehmen als Rechtsgrundlage \nf\u00fcr Verarbeitungsvorg\u00e4nge, bei denen wir eine Einwilligung f\u00fcr einen \nbestimmten Verarbeitungszweck einholen. Ist die Verarbeitung \npersonenbezogener Daten zur Erf\u00fcllung eines Vertrags, dessen \nVertragspartei die betroffene Person ist, erforderlich, wie dies \nbeispielsweise bei Verarbeitungsvorg\u00e4ngen der Fall ist, die f\u00fcr eine \nLieferung von Waren oder die Erbringung einer sonstigen Leistung oder \nGegenleistung notwendig sind, so beruht die Verarbeitung auf Art. 6 I \nlit. b DS-GVO. Gleiches gilt f\u00fcr solche Verarbeitungsvorg\u00e4nge die zur \nDurchf\u00fchrung vorvertraglicher Ma\u00dfnahmen erforderlich sind, etwa in \nF\u00e4llen von Anfragen zur unseren Produkten oder Leistungen. Unterliegt \nunser Unternehmen einer rechtlichen Verpflichtung durch welche eine \nVerarbeitung von personenbezogenen Daten erforderlich wird, wie \nbeispielsweise zur Erf\u00fcllung steuerlicher Pflichten, so basiert die \nVerarbeitung auf Art. 6 I lit. c DS-GVO. In seltenen F\u00e4llen k\u00f6nnte die \nVerarbeitung von personenbezogenen Daten erforderlich werden, um \nlebenswichtige Interessen der betroffenen Person oder einer anderen \nnat\u00fcrlichen Person zu sch\u00fctzen. Dies w\u00e4re beispielsweise der Fall, wenn \nein Besucher in unserem Betrieb verletzt werden w\u00fcrde und daraufhin sein\n Name, sein Alter, seine Krankenkassendaten oder sonstige lebenswichtige\n Informationen an einen Arzt, ein Krankenhaus oder sonstige Dritte \nweitergegeben werden m\u00fcssten. Dann w\u00fcrde die Verarbeitung auf Art. 6 I \nlit. d DS-GVO beruhen. Letztlich k\u00f6nnten Verarbeitungsvorg\u00e4nge auf Art. 6\n I lit. f DS-GVO beruhen. Auf dieser Rechtsgrundlage basieren \nVerarbeitungsvorg\u00e4nge, die von keiner der vorgenannten Rechtsgrundlagen \nerfasst werden, wenn die Verarbeitung zur Wahrung eines berechtigten \nInteresses unseres Unternehmens oder eines Dritten erforderlich ist, \nsofern die Interessen, Grundrechte und Grundfreiheiten des Betroffenen \nnicht \u00fcberwiegen. Solche Verarbeitungsvorg\u00e4nge sind uns insbesondere \ndeshalb gestattet, weil sie durch den Europ\u00e4ischen Gesetzgeber besonders\n erw\u00e4hnt wurden. Er vertrat insoweit die Auffassung, dass ein \nberechtigtes Interesse anzunehmen sein k\u00f6nnte, wenn die betroffene \nPerson ein Kunde des Verantwortlichen ist (Erw\u00e4gungsgrund 47 Satz 2 \nDS-GVO).<\/p>\n\n\n\n<ol class=\"wp-block-list\"><li><strong> Berechtigte Interessen an der Verarbeitung, die von dem Verantwortlichen oder einem Dritten verfolgt werden<\/strong><\/li><\/ol>\n\n\n\n<p>Basiert die Verarbeitung personenbezogener Daten auf Artikel 6 I lit.\n f DS-GVO ist unser berechtigtes Interesse die Durchf\u00fchrung unserer \nGesch\u00e4ftst\u00e4tigkeit zugunsten des Wohlergehens all unserer Mitarbeiter \nund unserer Anteilseigner.<\/p>\n\n\n\n<ol class=\"wp-block-list\"><li><strong> Dauer, f\u00fcr die die personenbezogenen Daten gespeichert werden<\/strong><\/li><\/ol>\n\n\n\n<p>Das Kriterium f\u00fcr die Dauer der Speicherung von personenbezogenen \nDaten ist die jeweilige gesetzliche Aufbewahrungsfrist. Nach Ablauf der \nFrist werden die entsprechenden Daten routinem\u00e4\u00dfig gel\u00f6scht, sofern sie \nnicht mehr zur Vertragserf\u00fcllung oder Vertragsanbahnung erforderlich \nsind.<\/p>\n\n\n\n<ol class=\"wp-block-list\"><li><strong> Gesetzliche oder vertragliche Vorschriften zur \nBereitstellung der personenbezogenen Daten; Erforderlichkeit f\u00fcr den \nVertragsabschluss; Verpflichtung der betroffenen Person, die \npersonenbezogenen Daten bereitzustellen; m\u00f6gliche Folgen der \nNichtbereitstellung<\/strong><\/li><\/ol>\n\n\n\n<p>Wir kl\u00e4ren Sie dar\u00fcber auf, dass die Bereitstellung personenbezogener\n Daten zum Teil gesetzlich vorgeschrieben ist (z.B. Steuervorschriften) \noder sich auch aus vertraglichen Regelungen (z.B. Angaben zum \nVertragspartner) ergeben kann. Mitunter kann es zu einem Vertragsschluss\n erforderlich sein, dass eine betroffene Person uns personenbezogene \nDaten zur Verf\u00fcgung stellt, die in der Folge durch uns verarbeitet \nwerden m\u00fcssen. Die betroffene Person ist beispielsweise verpflichtet uns\n personenbezogene Daten bereitzustellen, wenn unser Unternehmen mit ihr \neinen Vertrag abschlie\u00dft. Eine Nichtbereitstellung der personenbezogenen\n Daten h\u00e4tte zur Folge, dass der Vertrag mit dem Betroffenen nicht \ngeschlossen werden k\u00f6nnte. Vor einer Bereitstellung personenbezogener \nDaten durch den Betroffenen muss sich der Betroffene an einen unserer \nMitarbeiter wenden. Unser Mitarbeiter kl\u00e4rt den Betroffenen \neinzelfallbezogen dar\u00fcber auf, ob die Bereitstellung der \npersonenbezogenen Daten gesetzlich oder vertraglich vorgeschrieben oder \nf\u00fcr den Vertragsabschluss erforderlich ist, ob eine Verpflichtung \nbesteht, die personenbezogenen Daten bereitzustellen, und welche Folgen \ndie Nichtbereitstellung der personenbezogenen Daten h\u00e4tte.<\/p>\n\n\n\n<ol class=\"wp-block-list\"><li><strong> Bestehen einer automatisierten Entscheidungsfindung<\/strong><\/li><\/ol>\n\n\n\n<p>Als verantwortungsbewusstes Unternehmen verzichten wir auf eine automatische Entscheidungsfindung oder ein Profiling.<\/p>\n\n\n\n<p>Diese Datenschutzerkl\u00e4rung wurde durch den \nDatenschutzerkl\u00e4rungs-Generator der DGD Deutsche Gesellschaft f\u00fcr \nDatenschutz GmbH, die als <a href=\"https:\/\/dg-datenschutz.de\/datenschutz-dienstleistungen\/externer-datenschutzbeauftragter\/\">Externer Datenschutzbeauftragter Regensburg<\/a> t\u00e4tig ist, in Kooperation mit dem <a href=\"https:\/\/www.wbs-law.de\/it-recht\/datenschutzrecht\">K\u00f6lner IT- und Datenschutz Anwalt Christian Solmecke<\/a> erstellt.<\/p>\n","protected":false},"excerpt":{"rendered":"<p>Datenschutzerkl\u00e4rung Wir freuen uns sehr \u00fcber Ihr Interesse an unserem Unternehmen. Datenschutz hat einen besonders hohen Stellenwert f\u00fcr die Gesch\u00e4ftsleitung der Jochen Lindenmeier (Ern\u00e4hrungsberatung). Eine Nutzung der Internetseiten der Jochen Lindenmeier (Ern\u00e4hrungsberatung) ist grunds\u00e4tzlich ohne jede Angabe personenbezogener Daten m\u00f6glich. Sofern eine betroffene Person besondere Services unseres Unternehmens \u00fcber unsere Internetseite in Anspruch nehmen m\u00f6chte, &hellip; <\/p>\n<p class=\"link-more\"><a href=\"https:\/\/leibundseele-weinstadt.de\/index.php\/datenschutz\/\" class=\"more-link\"><span class=\"screen-reader-text\">\u201eDatenschutz\u201c <\/span>weiterlesen<\/a><\/p>\n","protected":false},"author":2,"featured_media":0,"parent":0,"menu_order":6,"comment_status":"closed","ping_status":"closed","template":"","meta":{"footnotes":""},"class_list":["post-260","page","type-page","status-publish","hentry"],"_links":{"self":[{"href":"https:\/\/leibundseele-weinstadt.de\/index.php\/wp-json\/wp\/v2\/pages\/260","targetHints":{"allow":["GET"]}}],"collection":[{"href":"https:\/\/leibundseele-weinstadt.de\/index.php\/wp-json\/wp\/v2\/pages"}],"about":[{"href":"https:\/\/leibundseele-weinstadt.de\/index.php\/wp-json\/wp\/v2\/types\/page"}],"author":[{"embeddable":true,"href":"https:\/\/leibundseele-weinstadt.de\/index.php\/wp-json\/wp\/v2\/users\/2"}],"replies":[{"embeddable":true,"href":"https:\/\/leibundseele-weinstadt.de\/index.php\/wp-json\/wp\/v2\/comments?post=260"}],"version-history":[{"count":2,"href":"https:\/\/leibundseele-weinstadt.de\/index.php\/wp-json\/wp\/v2\/pages\/260\/revisions"}],"predecessor-version":[{"id":262,"href":"https:\/\/leibundseele-weinstadt.de\/index.php\/wp-json\/wp\/v2\/pages\/260\/revisions\/262"}],"wp:attachment":[{"href":"https:\/\/leibundseele-weinstadt.de\/index.php\/wp-json\/wp\/v2\/media?parent=260"}],"curies":[{"name":"wp","href":"https:\/\/api.w.org\/{rel}","templated":true}]}}